{"id":228,"date":"2025-07-22T15:33:37","date_gmt":"2025-07-22T15:33:37","guid":{"rendered":"http:\/\/www.viladecavallscentre.com\/?page_id=228"},"modified":"2025-07-29T07:44:38","modified_gmt":"2025-07-29T07:44:38","slug":"avis-legal","status":"publish","type":"page","link":"https:\/\/www.viladecavallscentre.com\/es\/avis-legal\/","title":{"rendered":"Aviso Legal"},"content":{"rendered":"<div data-elementor-type=\"wp-page\" data-elementor-id=\"228\" class=\"elementor elementor-228\" data-elementor-post-type=\"page\">\n\t\t\t\t<div class=\"elementor-element elementor-element-ca650e5 e-flex e-con-boxed e-con e-parent\" data-id=\"ca650e5\" data-element_type=\"container\">\n\t\t\t\t\t<div class=\"e-con-inner\">\n\t\t\t\t<div class=\"elementor-element elementor-element-8ab113b elementor-widget elementor-widget-image\" data-id=\"8ab113b\" data-element_type=\"widget\" data-widget_type=\"image.default\">\n\t\t\t\t\t\t\t\t\t\t\t\t\t\t\t<img fetchpriority=\"high\" decoding=\"async\" width=\"400\" height=\"200\" src=\"https:\/\/www.viladecavallscentre.com\/wp-content\/uploads\/2025\/07\/logo_viladevalls_centre_copia-removebg-preview.png\" class=\"attachment-large size-large wp-image-370\" alt=\"\" srcset=\"https:\/\/www.viladecavallscentre.com\/wp-content\/uploads\/2025\/07\/logo_viladevalls_centre_copia-removebg-preview.png 400w, https:\/\/www.viladecavallscentre.com\/wp-content\/uploads\/2025\/07\/logo_viladevalls_centre_copia-removebg-preview-300x150.png 300w, https:\/\/www.viladecavallscentre.com\/wp-content\/uploads\/2025\/07\/logo_viladevalls_centre_copia-removebg-preview-18x9.png 18w\" sizes=\"(max-width: 400px) 100vw, 400px\" \/>\t\t\t\t\t\t\t\t\t\t\t\t\t\t\t<\/div>\n\t\t\t\t\t<\/div>\n\t\t\t\t<\/div>\n\t\t<div class=\"elementor-element elementor-element-05b5bcb e-flex e-con-boxed e-con e-parent\" data-id=\"05b5bcb\" data-element_type=\"container\" data-settings=\"{&quot;background_background&quot;:&quot;classic&quot;}\">\n\t\t\t\t\t<div class=\"e-con-inner\">\n\t\t\t\t<div class=\"elementor-element elementor-element-3810d7f elementor-widget elementor-widget-heading\" data-id=\"3810d7f\" data-element_type=\"widget\" data-widget_type=\"heading.default\">\n\t\t\t\t\t<h2 class=\"elementor-heading-title elementor-size-default\">Aviso Legal<\/h2>\t\t\t\t<\/div>\n\t\t\t\t\t<\/div>\n\t\t\t\t<\/div>\n\t\t<div class=\"elementor-element elementor-element-3fe1cbf e-flex e-con-boxed e-con e-parent\" data-id=\"3fe1cbf\" data-element_type=\"container\">\n\t\t\t\t\t<div class=\"e-con-inner\">\n\t\t\t\t<div class=\"elementor-element elementor-element-8bc982a elementor-widget elementor-widget-text-editor\" data-id=\"8bc982a\" data-element_type=\"widget\" data-widget_type=\"text-editor.default\">\n\t\t\t\t\t\t\t\t\t<h3 data-start=\"332\" data-end=\"357\">Dades identificatives<\/h3><p data-start=\"359\" data-end=\"641\">En compliment amb el deure d&#8217;informaci\u00f3 recollit a l&#8217;article 10 de la Llei 34\/2002, de l\u201911 de juliol, de serveis de la societat de la informaci\u00f3 i del comer\u00e7 electr\u00f2nic, s&#8217;informa que el lloc web <span style=\"color: #000000;\"><a class=\"\" style=\"color: #000000;\" href=\"http:\/\/www.viladecavallscentre.com\/es\/\" target=\"_new\" rel=\"noopener\" data-start=\"556\" data-end=\"622\">www.viladecavallscentre.com<\/a><\/span> \u00e9s titularitat de:<\/p><ul data-start=\"643\" data-end=\"898\"><li data-start=\"643\" data-end=\"686\"><p data-start=\"645\" data-end=\"686\"><strong data-start=\"645\" data-end=\"663\">Nom comercial:<\/strong> Viladecavalls Centre<\/p><\/li><li data-start=\"643\" data-end=\"686\"><strong>Responsable: <\/strong>Onauma S.L.<\/li><li data-start=\"643\" data-end=\"686\">\u00a0<\/li><li data-start=\"687\" data-end=\"738\"><p data-start=\"689\" data-end=\"738\"><strong data-start=\"689\" data-end=\"702\">Domicili:<\/strong> <span class=\"w8qArf FoJoyf\">\u00a0<\/span>Parc Audiovisual de Catalunya, BV-1274, km 1, Edificio A &#8211; Planta 3\u00aa, 08225 Terrassa, Barcelona<\/p><\/li><li data-start=\"739\" data-end=\"805\"><p data-start=\"741\" data-end=\"805\"><strong data-start=\"741\" data-end=\"775\">Correu electr\u00f2nic de contacte:<\/strong> comercial@onauma.es<\/p><\/li><li data-start=\"806\" data-end=\"863\"><p data-start=\"808\" data-end=\"863\"><strong data-start=\"808\" data-end=\"832\">Tel\u00e8fon de contacte:<\/strong> 695 16 04 98<\/p><\/li><li data-start=\"864\" data-end=\"898\"><p data-start=\"866\" data-end=\"898\"><strong data-start=\"866\" data-end=\"878\">NIF\/CIF:<\/strong> B63518807<\/p><\/li><\/ul><h3 data-start=\"900\" data-end=\"911\">Objecte<\/h3><p data-start=\"913\" data-end=\"1097\">Aquest lloc web t\u00e9 com a finalitat oferir informaci\u00f3 sobre els serveis que s\u2019ofereixen a Viladecavalls Centre, aix\u00ed com proporcionar un mitj\u00e0 de contacte entre els usuaris i el centre.<\/p><h3 data-start=\"1099\" data-end=\"1118\">Condicions d\u2019\u00fas<\/h3><p data-start=\"1120\" data-end=\"1452\">L\u2019acc\u00e9s i l\u2019\u00fas d\u2019aquest lloc web atribueixen la condici\u00f3 d\u2019usuari i comporten l\u2019acceptaci\u00f3 plena i sense reserves de les presents condicions d\u2019\u00fas. L\u2019usuari es compromet a fer un \u00fas adequat dels continguts i serveis que s\u2019ofereixen i a no emprar-los per inc\u00f3rrer en activitats il\u00b7l\u00edcites o contr\u00e0ries a la bona fe i a l\u2019ordre p\u00fablic.<\/p><p data-start=\"1454\" data-end=\"1584\">Viladecavalls Centre es reserva el dret de modificar en qualsevol moment el contingut d\u2019aquest lloc web i les presents condicions.<\/p><h3 data-start=\"1586\" data-end=\"1626\">Propietat intel\u00b7lectual i industrial<\/h3><p data-start=\"1628\" data-end=\"1964\">Tots els continguts del lloc web, incloent-hi textos, imatges, dissenys, logotips, arxius, marques o qualsevol altre element susceptible de protecci\u00f3, s\u00f3n titularitat de Viladecavalls Centre o de tercers que han autoritzat el seu \u00fas. Queda prohibida la reproducci\u00f3, distribuci\u00f3 o transformaci\u00f3 sense l\u2019autoritzaci\u00f3 expressa del titular.<\/p><h3 data-start=\"1966\" data-end=\"1985\">Responsabilitat<\/h3><p data-start=\"1987\" data-end=\"2246\">Viladecavalls Centre no es fa responsable dels danys o perjudicis derivats de l&#8217;\u00fas del lloc web ni de qualsevol actuaci\u00f3 realitzada en base a la informaci\u00f3 que s\u2019hi facilita. Tampoc es responsabilitza dels continguts d\u2019enlla\u00e7os externs que es puguin incloure.<\/p><h3 data-start=\"2248\" data-end=\"2270\">Protecci\u00f3 de dades<\/h3><p data-start=\"2272\" data-end=\"2492\">Les dades personals recollides a trav\u00e9s d\u2019aquest lloc web s\u2019utilitzaran de conformitat amb la normativa vigent en mat\u00e8ria de protecci\u00f3 de dades. Pots consultar la nostra <span style=\"color: #000000;\"><strong data-start=\"2442\" data-end=\"2470\"><a style=\"color: #000000;\" href=\"http:\/\/www.viladecavallscentre.com\/es\/politica-de-privacitat\/\">Pol\u00edtica de Privacidad<\/a> <\/strong><\/span>per a m\u00e9s informaci\u00f3.<\/p><h3 data-start=\"2494\" data-end=\"2518\">Legislaci\u00f3 aplicable<\/h3><p data-start=\"2520\" data-end=\"2762\">Aquest av\u00eds legal es regeix per la legislaci\u00f3 espanyola. Per a qualsevol conflicte que pugui sorgir, les parts se sotmetran als jutjats i tribunals del domicili del titular del lloc web, llevat que la legislaci\u00f3 aplicable disposi el contrari.<\/p>\t\t\t\t\t\t\t\t<\/div>\n\t\t\t\t\t<\/div>\n\t\t\t\t<\/div>\n\t\t\t\t<\/div>","protected":false},"excerpt":{"rendered":"<p>Av\u00eds Legal Dades identificatives En compliment amb el deure d&#8217;informaci\u00f3 recollit a l&#8217;article 10 de la Llei 34\/2002, de l\u201911 de juliol, de serveis de la societat de la informaci\u00f3 i del comer\u00e7 electr\u00f2nic, s&#8217;informa que el lloc web www.viladecavallscentre.com \u00e9s titularitat de: Nom comercial: Viladecavalls Centre Responsable: Onauma S.L. \u00a0 Domicili: \u00a0Parc Audiovisual de [&hellip;]<\/p>","protected":false},"author":1,"featured_media":0,"parent":0,"menu_order":0,"comment_status":"closed","ping_status":"closed","template":"elementor_header_footer","meta":{"footnotes":""},"class_list":["post-228","page","type-page","status-publish","hentry"],"_links":{"self":[{"href":"https:\/\/www.viladecavallscentre.com\/es\/wp-json\/wp\/v2\/pages\/228","targetHints":{"allow":["GET"]}}],"collection":[{"href":"https:\/\/www.viladecavallscentre.com\/es\/wp-json\/wp\/v2\/pages"}],"about":[{"href":"https:\/\/www.viladecavallscentre.com\/es\/wp-json\/wp\/v2\/types\/page"}],"author":[{"embeddable":true,"href":"https:\/\/www.viladecavallscentre.com\/es\/wp-json\/wp\/v2\/users\/1"}],"replies":[{"embeddable":true,"href":"https:\/\/www.viladecavallscentre.com\/es\/wp-json\/wp\/v2\/comments?post=228"}],"version-history":[{"count":0,"href":"https:\/\/www.viladecavallscentre.com\/es\/wp-json\/wp\/v2\/pages\/228\/revisions"}],"wp:attachment":[{"href":"https:\/\/www.viladecavallscentre.com\/es\/wp-json\/wp\/v2\/media?parent=228"}],"curies":[{"name":"wp","href":"https:\/\/api.w.org\/{rel}","templated":true}]}}